{"id":5711,"date":"2021-02-18T14:07:23","date_gmt":"2021-02-18T14:07:23","guid":{"rendered":"https:\/\/www.vortal.biz\/?page_id=5711"},"modified":"2024-02-21T17:19:08","modified_gmt":"2024-02-21T17:19:08","slug":"events","status":"publish","type":"page","link":"https:\/\/www.vortal.biz\/es\/events\/","title":{"rendered":"Events"},"content":{"rendered":"<p><div class=\"fusion-fullwidth fullwidth-box fusion-builder-row-1 fusion-flex-container fusion-parallax-none hundred-percent-fullwidth non-hundred-percent-height-scrolling fusion-sticky-container fusion-custom-z-index\" style=\"background-color: #001529;background-image: url(&quot;https:\/\/pt.vortal.biz\/wp-content\/uploads\/2021\/02\/vortal_events.jpg&quot;);background-position: center center;background-repeat: no-repeat;border-width: 0px 0px 0px 0px;border-color:#e2e2e2;border-style:solid;-webkit-background-size:cover;-moz-background-size:cover;-o-background-size:cover;background-size:cover;min-height:400px;\" data-transition-offset=\"0\" data-scroll-offset=\"0\" data-sticky-medium-visibility=\"1\" data-sticky-large-visibility=\"1\" ><div class=\"fusion-builder-row fusion-row fusion-flex-align-items-stretch fusion-flex-justify-content-center\" style=\"width:calc( 100% + 0px ) !important;max-width:calc( 100% + 0px ) !important;margin-left: calc(-0px \/ 2 );margin-right: calc(-0px \/ 2 );\"><div class=\"fusion-layout-column fusion_builder_column fusion-builder-column-0 fusion_builder_column_1_1 1_1 fusion-flex-column fusion-flex-align-self-stretch fusion-column-inner-bg-wrapper\"><div class=\"fusion-column-wrapper fusion-flex-justify-content-center fusion-content-layout-column\" style=\"padding: 0px 0px 0px 0px;\"><style type=\"text\/css\">@media only screen and (max-width:1024px) {.fusion-title.fusion-title-1{margin-top:0px!important; margin-right:0px!important;margin-bottom:40px!important;margin-left:0px!important;}}@media only screen and (max-width:640px) {.fusion-title.fusion-title-1{margin-top:10px!important; margin-right:0px!important;margin-bottom:10px!important; margin-left:0px!important;}}<\/style><div class=\"fusion-title title fusion-title-1 fusion-sep-none fusion-title-center fusion-title-text fusion-title-size-one fusion-animated\" style=\"margin-top:0px;margin-right:0px;margin-bottom:40px;margin-left:0px;\" data-animationType=\"slideInLeft\" data-animationDuration=\"1.0\" data-animationOffset=\"100%\"><h1 class=\"title-heading-center\" style=\"margin:0;\">Eventos<\/h1><\/div><style type=\"text\/css\">@media only screen and (max-width:1024px) {.fusion-title.fusion-title-2{margin-top:0px!important; margin-right:0px!important;margin-bottom:0px!important;margin-left:0px!important;}}@media only screen and (max-width:640px) {.fusion-title.fusion-title-2{margin-top:10px!important; margin-right:0px!important;margin-bottom:10px!important; margin-left:0px!important;}}<\/style><div class=\"fusion-title title fusion-title-2 fusion-sep-none fusion-title-text fusion-title-size-four fusion-animated\" style=\"margin-top:0px;margin-right:0px;margin-bottom:0px;margin-left:0px;\" data-animationType=\"slideInLeft\" data-animationDuration=\"1.2\" data-animationOffset=\"100%\"><h4 class=\"title-heading-left\" style=\"margin:0;color:#ffffff;\"><p style=\"text-align: center;\">Compartir conocimientos, experiencias y buenas pr\u00e1cticas.<\/p><\/h4><\/div><\/div><span class=\"fusion-column-inner-bg hover-type-zoomin\"><a class=\"fusion-column-anchor\"><span class=\"fusion-column-inner-bg-image\" style=\"background-position:center center;background-repeat:no-repeat;-webkit-background-size:cover;-moz-background-size:cover;-o-background-size:cover;background-size:cover;\"><\/span><\/a><\/span><style type=\"text\/css\">.fusion-body .fusion-builder-column-0{width:100% !important;margin-top : 0px;margin-bottom : 0px;}.fusion-builder-column-0 > .fusion-column-wrapper {padding-top : 0px !important;padding-right : 0px !important;margin-right : 0px;padding-bottom : 0px !important;padding-left : 0px !important;margin-left : 0px;}.fusion-flex-container .fusion-row .fusion-builder-column-0 > .fusion-column-inner-bg { margin-right:0px;margin-left:0px; }@media only screen and (max-width:1024px) {.fusion-body .fusion-builder-column-0{width:100% !important;order : 0;}.fusion-builder-column-0 > .fusion-column-wrapper {margin-right : 0px;margin-left : 0px;}.fusion-flex-container .fusion-row .fusion-builder-column-0 > .fusion-column-inner-bg { margin-right:0px;margin-left:0px; }}@media only screen and (max-width:640px) {.fusion-body .fusion-builder-column-0{width:100% !important;order : 0;}.fusion-builder-column-0 > .fusion-column-wrapper {margin-right : 0px;margin-left : 0px;}.fusion-flex-container .fusion-row .fusion-builder-column-0 > .fusion-column-inner-bg { margin-right:0px;margin-left:0px; }}<\/style><\/div><\/div><style type=\"text\/css\">.fusion-fullwidth.fusion-builder-row-1.fusion-sticky-transition { background-color:#001529 !important; }.fusion-fullwidth.fusion-builder-row-1 { z-index:0 !important; }.fusion-body .fusion-flex-container.fusion-builder-row-1{ padding-top : 40px;margin-top : 0px;padding-right : 40px;padding-bottom : 40px;margin-bottom : 0px;padding-left : 40px;}<\/style><\/div><div class=\"fusion-fullwidth fullwidth-box fusion-builder-row-2 fusion-flex-container nonhundred-percent-fullwidth non-hundred-percent-height-scrolling fusion-custom-z-index\" style=\"background-color: #ffffff;background-position: center center;background-repeat: no-repeat;border-width: 0px 0px 0px 0px;border-color:#e2e2e2;border-style:solid;\" ><div class=\"fusion-builder-row fusion-row fusion-flex-align-items-stretch fusion-flex-justify-content-center\" style=\"max-width:calc( 1640px + 32px );margin-left: calc(-32px \/ 2 );margin-right: calc(-32px \/ 2 );\"><div class=\"fusion-layout-column fusion_builder_column fusion-builder-column-1 fusion_builder_column_1_4 1_4 fusion-flex-column fusion-no-small-visibility\"><div class=\"fusion-column-wrapper fusion-flex-justify-content-flex-start fusion-content-layout-column\" style=\"background-position:left top;background-repeat:no-repeat;-webkit-background-size:cover;-moz-background-size:cover;-o-background-size:cover;background-size:cover;padding: 0px 0px 0px 0px;\"><\/div><style type=\"text\/css\">.fusion-body .fusion-builder-column-1{width:25% !important;margin-top : 0px;margin-bottom : 0px;}.fusion-builder-column-1 > .fusion-column-wrapper {padding-top : 0px !important;padding-right : 0px !important;margin-right : 16px;padding-bottom : 0px !important;padding-left : 0px !important;margin-left : 16px;}@media only screen and (max-width:1024px) {.fusion-body .fusion-builder-column-1{width:25% !important;order : 0;}.fusion-builder-column-1 > .fusion-column-wrapper {margin-right : 16px;margin-left : 16px;}}@media only screen and (max-width:640px) {.fusion-body .fusion-builder-column-1{width:100% !important;order : 0;}.fusion-builder-column-1 > .fusion-column-wrapper {margin-right : 16px;margin-left : 16px;}}<\/style><\/div><div class=\"fusion-layout-column fusion_builder_column fusion-builder-column-2 fusion_builder_column_1_2 1_2 fusion-flex-column fusion-flex-align-self-stretch\"><div class=\"fusion-column-wrapper fusion-flex-justify-content-flex-start fusion-content-layout-column\" style=\"background-position:left top;background-repeat:no-repeat;-webkit-background-size:cover;-moz-background-size:cover;-o-background-size:cover;background-size:cover;padding: 0px 0px 0px 0px;\"><style type=\"text\/css\">.fusion-accordian  #accordion-5711-1 .panel-title a .fa-fusion-box{ color: #ffffff;}.fusion-accordian  #accordion-5711-1 .panel-title a .fa-fusion-box:before{ font-size: 24px; width: 24px;}.fusion-accordian  #accordion-5711-1 .panel-title a{font-size:1.25em;}.fusion-accordian  #accordion-5711-1 .fa-fusion-box { background-color: #001529;border-color: #001529;}.fusion-accordian  #accordion-5711-1 .panel-title a:hover, #accordion-5711-1 .fusion-toggle-boxed-mode:hover .panel-title a { color: #ff1744;}.fusion-accordian  #accordion-5711-1 .panel-title .active .fa-fusion-box,.fusion-accordian  #accordion-5711-1 .panel-title a:hover .fa-fusion-box { background-color: #ff1744!important;border-color: #ff1744!important;}<\/style><div class=\"accordian fusion-accordian\"><div class=\"panel-group\" id=\"accordion-5711-1\"><div class=\"fusion-panel panel-default\"><div class=\"panel-heading\"><h4 class=\"panel-title toggle\"><a aria-expanded=\"false\" aria-controls=\"59325f1d1088960e4\" role=\"button\" data-toggle=\"collapse\" data-parent=\"#accordion-5711-1\" data-target=\"#59325f1d1088960e4\" href=\"#59325f1d1088960e4\"><span class=\"fusion-toggle-icon-wrapper\" aria-hidden=\"true\"><i class=\"fa-fusion-box\" aria-hidden=\"true\"><\/i><\/span><span class=\"fusion-toggle-heading\">20 DEC, 2023 - DescomPlyca | La Inteligencia Artificial en la Contrataci\u00f3n P\u00fablica <\/span><\/a><\/h4><\/div><div id=\"59325f1d1088960e4\" class=\"panel-collapse collapse \"><div class=\"panel-body toggle-content fusion-clearfix\">\n<p>\u00bfC\u00f3mo puede la inteligencia artificial afectar al servicio de contrataci\u00f3n p\u00fablica y a los agentes p\u00fablicos y privados que la gestionan\u2026?<br \/>En el \u00faltimo a\u00f1o hemos venido asistiendo a un sinf\u00edn de eventos y comunicaciones que de forma insistente nos han anunciado la llegada de una \u201cnueva ola\u201d que lo va a cambiar todo: la inteligencia artificial (generativa). Y si afecta a todo, tambi\u00e9n afectar\u00e1 a la contrataci\u00f3n p\u00fablica como concluy\u00f3 nuestro ponente Juan Carlos Melian de Melian Abogados de Tenerife.<\/p>\n<\/div><\/div><\/div><div class=\"fusion-panel panel-default\"><div class=\"panel-heading\"><h4 class=\"panel-title toggle\"><a aria-expanded=\"false\" aria-controls=\"662cb107106fcb594\" role=\"button\" data-toggle=\"collapse\" data-parent=\"#accordion-5711-1\" data-target=\"#662cb107106fcb594\" href=\"#662cb107106fcb594\"><span class=\"fusion-toggle-icon-wrapper\" aria-hidden=\"true\"><i class=\"fa-fusion-box\" aria-hidden=\"true\"><\/i><\/span><span class=\"fusion-toggle-heading\">25 OCT, 2023 - VBuild - Una nueva era de compras y ventas en la construcci\u00f3n <\/span><\/a><\/h4><\/div><div id=\"662cb107106fcb594\" class=\"panel-collapse collapse \"><div class=\"panel-body toggle-content fusion-clearfix\">VBuild es un plataforma sencilla, r\u00e1pida y segura que facilita los procesos de compra y negociaci\u00f3n, e incrementa m\u00e1s y mejores oportunidades de venta en la construcci\u00f3n.<br \/>\nPara comprar o para vender, VBuild permite negocios m\u00e1s inteligentes y eficientes a trav\u00e9s de la digitalizaci\u00f3n.<\/div><\/div><\/div><div class=\"fusion-panel panel-default\"><div class=\"panel-heading\"><h4 class=\"panel-title toggle\"><a aria-expanded=\"false\" aria-controls=\"d4149a7f7938f0f93\" role=\"button\" data-toggle=\"collapse\" data-parent=\"#accordion-5711-1\" data-target=\"#d4149a7f7938f0f93\" href=\"#d4149a7f7938f0f93\"><span class=\"fusion-toggle-icon-wrapper\" aria-hidden=\"true\"><i class=\"fa-fusion-box\" aria-hidden=\"true\"><\/i><\/span><span class=\"fusion-toggle-heading\">10-11 OCT, 2023 - XIII CNIS <\/span><\/a><\/h4><\/div><div id=\"d4149a7f7938f0f93\" class=\"panel-collapse collapse \"><div class=\"panel-body toggle-content fusion-clearfix\">VORTAL y Nexus patrocinaron el Congreso Nacional de Innovaci\u00f3n y Servicios P\u00fablicos (CNIS) en Madrid y promovieron la soluci\u00f3n Plyca.<\/div><\/div><\/div><div class=\"fusion-panel panel-default\"><div class=\"panel-heading\"><h4 class=\"panel-title toggle\"><a aria-expanded=\"false\" aria-controls=\"60e6f3008fbf2046e\" role=\"button\" data-toggle=\"collapse\" data-parent=\"#accordion-5711-1\" data-target=\"#60e6f3008fbf2046e\" href=\"#60e6f3008fbf2046e\"><span class=\"fusion-toggle-icon-wrapper\" aria-hidden=\"true\"><i class=\"fa-fusion-box\" aria-hidden=\"true\"><\/i><\/span><span class=\"fusion-toggle-heading\">04 OCT, 2023 - Digitalizaci\u00f3n integral del expediente: El futuro de la contrataci\u00f3n p\u00fablica <\/span><\/a><\/h4><\/div><div id=\"60e6f3008fbf2046e\" class=\"panel-collapse collapse \"><div class=\"panel-body toggle-content fusion-clearfix\">La digitalizaci\u00f3n integral del expediente y la capacitaci\u00f3n en habilidades digitales son la base necesaria para modelar el futuro de una contrataci\u00f3n p\u00fablica mejor. Esta sesi\u00f3n organizada con el ITCIP \u2013 Instituto de Transferencia de Conocimiento en Innovaci\u00f3n P\u00fablica, enfoc\u00f3 los avances que la digitalizaci\u00f3n integral supone en todos y cada uno de los servicios de contrataci\u00f3n.<\/div><\/div><\/div><div class=\"fusion-panel panel-default\"><div class=\"panel-heading\"><h4 class=\"panel-title toggle\"><a aria-expanded=\"false\" aria-controls=\"b731d8ce5a3de2ced\" role=\"button\" data-toggle=\"collapse\" data-parent=\"#accordion-5711-1\" data-target=\"#b731d8ce5a3de2ced\" href=\"#b731d8ce5a3de2ced\"><span class=\"fusion-toggle-icon-wrapper\" aria-hidden=\"true\"><i class=\"fa-fusion-box\" aria-hidden=\"true\"><\/i><\/span><span class=\"fusion-toggle-heading\">27 ABR, 2023 - DescomPlyca | Seguimiento de la ejecuci\u00f3n de contratos: La experiencia del Ajuntament de Martorelles <\/span><\/a><\/h4><\/div><div id=\"b731d8ce5a3de2ced\" class=\"panel-collapse collapse \"><div class=\"panel-body toggle-content fusion-clearfix\">La digitalizaci\u00f3n del seguimiento y ejecuci\u00f3n de los contratos ayudan a mejorar la gesti\u00f3n de los tr\u00e1mites de contrataci\u00f3n p\u00fablica en la Administraci\u00f3n Local.<br \/>\nEn esta sesi\u00f3n, Adri\u00e0 Soler, t\u00e9cnico en el departamento de contrataci\u00f3n del Ajuntament de Martorelles, comparti\u00f3 su experiencia apostando por la digitalizaci\u00f3n y modernizaci\u00f3n en su entidad, siendo prueba de ello la implantaci\u00f3n de la herramienta de PLYCA-Contratos en la misma.<\/div><\/div><\/div><div class=\"fusion-panel panel-default\"><div class=\"panel-heading\"><h4 class=\"panel-title toggle\"><a aria-expanded=\"false\" aria-controls=\"6d194b06939c99c2c\" role=\"button\" data-toggle=\"collapse\" data-parent=\"#accordion-5711-1\" data-target=\"#6d194b06939c99c2c\" href=\"#6d194b06939c99c2c\"><span class=\"fusion-toggle-icon-wrapper\" aria-hidden=\"true\"><i class=\"fa-fusion-box\" aria-hidden=\"true\"><\/i><\/span><span class=\"fusion-toggle-heading\">15 MAR, 2023 - DescomPlyca: La importancia de controlar la ejecuci\u00f3n de los contratos p\u00fablicos <\/span><\/a><\/h4><\/div><div id=\"6d194b06939c99c2c\" class=\"panel-collapse collapse \"><div class=\"panel-body toggle-content fusion-clearfix\">La Administraci\u00f3n P\u00fablica en Espa\u00f1a y en concreto los servicios de contrataci\u00f3n abarcan un proceso complejo de la compra p\u00fablica que debe de servirse de la digitalizaci\u00f3n para acometerse. Este proceso tiene numerosos aspectos que pueden ser complicados si no se cuenta con apoyo durante las fases de implantaci\u00f3n.<\/div><\/div><\/div><div class=\"fusion-panel panel-default\"><div class=\"panel-heading\"><h4 class=\"panel-title toggle\"><a aria-expanded=\"false\" aria-controls=\"2fbdb730fa37c3096\" role=\"button\" data-toggle=\"collapse\" data-parent=\"#accordion-5711-1\" data-target=\"#2fbdb730fa37c3096\" href=\"#2fbdb730fa37c3096\"><span class=\"fusion-toggle-icon-wrapper\" aria-hidden=\"true\"><i class=\"fa-fusion-box\" aria-hidden=\"true\"><\/i><\/span><span class=\"fusion-toggle-heading\">22 FEB, 2023 - Jornada Formativa de Sistemas Din\u00e1micos de Adquisici\u00f3n dirigida a los provedores<\/span><\/a><\/h4><\/div><div id=\"2fbdb730fa37c3096\" class=\"panel-collapse collapse \"><div class=\"panel-body toggle-content fusion-clearfix\">En esta jornada compartimos una sesi\u00f3n introductoria al proyecto de Sistemas Din\u00e1micos de Adquisici\u00f3n (SDA), las caracter\u00edsticas generales de este sistema y c\u00f3mo los licitadores pueden presentar sus candidaturas al sistema din\u00e1mico y trabajar en la Plataforma de Vortal.<\/div><\/div><\/div><div class=\"fusion-panel panel-default\"><div class=\"panel-heading\"><h4 class=\"panel-title toggle\"><a aria-expanded=\"false\" aria-controls=\"f560c06bee9fe729c\" role=\"button\" data-toggle=\"collapse\" data-parent=\"#accordion-5711-1\" data-target=\"#f560c06bee9fe729c\" href=\"#f560c06bee9fe729c\"><span class=\"fusion-toggle-icon-wrapper\" aria-hidden=\"true\"><i class=\"fa-fusion-box\" aria-hidden=\"true\"><\/i><\/span><span class=\"fusion-toggle-heading\">15 JAN, 2023 - Tramitaci\u00f3n innovadora y herramientas para los Contratos Menores <\/span><\/a><\/h4><\/div><div id=\"f560c06bee9fe729c\" class=\"panel-collapse collapse \"><div class=\"panel-body toggle-content fusion-clearfix\">Vortal incorpora en su plataforma de licitaci\u00f3n electr\u00f3nica un Marketplace de licitadores que permite tramitar la contrataci\u00f3n menor de forma m\u00e1s transparente y eficiente, y de manera muy sencilla, usando herramientas tales como la publicidad del expediente, sin necesidad de tener que invitar a licitadores concretos; el fomento de la concurrencia a trav\u00e9s de la invitaci\u00f3n por categor\u00eda de compra o por el alcance regional o local de los licitadores; la evaluaci\u00f3n autom\u00e1tica de las ofertas o la posibilidad de firmar electr\u00f3nicamente las mismas por parte de los proveedores.<\/div><\/div><\/div><div class=\"fusion-panel panel-default\"><div class=\"panel-heading\"><h4 class=\"panel-title toggle\"><a aria-expanded=\"false\" aria-controls=\"0ef6db367869c8baa\" role=\"button\" data-toggle=\"collapse\" data-parent=\"#accordion-5711-1\" data-target=\"#0ef6db367869c8baa\" href=\"#0ef6db367869c8baa\"><span class=\"fusion-toggle-icon-wrapper\" aria-hidden=\"true\"><i class=\"fa-fusion-box\" aria-hidden=\"true\"><\/i><\/span><span class=\"fusion-toggle-heading\">13 DEC, 2022 - XII CNIS<\/span><\/a><\/h4><\/div><div id=\"0ef6db367869c8baa\" class=\"panel-collapse collapse \"><div class=\"panel-body toggle-content fusion-clearfix\">\n<p>VORTAL patrocin\u00f3 el Congreso Nacional de Innovaci\u00f3n y Servicios P\u00fablicos (CNIS) e present\u00f3 el taller \u201cPlyca Contratos SaaS para el Seguimiento, Control y Planificaci\u00f3n de los Contratos\u201d.<\/p>\n<\/div><\/div><\/div><div class=\"fusion-panel panel-default\"><div class=\"panel-heading\"><h4 class=\"panel-title toggle\"><a aria-expanded=\"false\" aria-controls=\"5ab8746ee664e2b90\" role=\"button\" data-toggle=\"collapse\" data-parent=\"#accordion-5711-1\" data-target=\"#5ab8746ee664e2b90\" href=\"#5ab8746ee664e2b90\"><span class=\"fusion-toggle-icon-wrapper\" aria-hidden=\"true\"><i class=\"fa-fusion-box\" aria-hidden=\"true\"><\/i><\/span><span class=\"fusion-toggle-heading\">29 SEP, 2022 - Gesti\u00f3n del Contrato: Planificaci\u00f3n, Seguimiento y Control. El actual reto en la Contrataci\u00f3n P\u00fablica<\/span><\/a><\/h4><\/div><div id=\"5ab8746ee664e2b90\" class=\"panel-collapse collapse \"><div class=\"panel-body toggle-content fusion-clearfix\">\n<p>Presentaci\u00f3n de Plyca by Vortal, una soluci\u00f3n desarrollada por VORTAL y Nexus IT que permite a las administraciones hacer un seguimiento del contrato desde la visi\u00f3n administrativa y material del mismo de una manera innovadora.<\/p>\n<p>Tanto desde las Instituciones Europeas como desde organismos de referencia en materia de Contrataci\u00f3n P\u00fablica como la Oficina Independiente de Regulaci\u00f3n y Supervisi\u00f3n de la Contrataci\u00f3n (OIRESCON) se viene haciendo especial menci\u00f3n a la importancia la fase de ejecuci\u00f3n y seguimiento del contrato por ser \u00e9sta donde todo el esfuerzo material y humano de la Administraci\u00f3n P\u00fablica se materializa y produce un impacto positivo en los destinatarios finales. La Administraci\u00f3n P\u00fablica tendr\u00eda que realizar este seguimiento de una forma sencilla y \u00e1gil vali\u00e9ndose del uso de las nuevas tecnolog\u00edas, afianz\u00e1ndose as\u00ed como una verdadera compra p\u00fablica estrat\u00e9gica.<\/p>\n<\/div><\/div><\/div><div class=\"fusion-panel panel-default\"><div class=\"panel-heading\"><h4 class=\"panel-title toggle\"><a aria-expanded=\"false\" aria-controls=\"411bc1c411f197f90\" role=\"button\" data-toggle=\"collapse\" data-parent=\"#accordion-5711-1\" data-target=\"#411bc1c411f197f90\" href=\"#411bc1c411f197f90\"><span class=\"fusion-toggle-icon-wrapper\" aria-hidden=\"true\"><i class=\"fa-fusion-box\" aria-hidden=\"true\"><\/i><\/span><span class=\"fusion-toggle-heading\">30 SEP, 2021 - Corporate Prime 1ra edici\u00f3n<\/span><\/a><\/h4><\/div><div id=\"411bc1c411f197f90\" class=\"panel-collapse collapse \"><div class=\"panel-body toggle-content fusion-clearfix\">\n<p>Despu\u00e9s de casi 2 a\u00f1os sin eventos presenciales, volvimos con el Corporate Prime Event en Lisboa, dedicado a los profesionales de compras del sector privado.<\/p>\n<p>Estar de vuelta representa una gran oportunidad para que empresas de diferentes sectores vuelvan a retomar el networking, intercambiando ideas y experiencias que las preparen mejor para afrontar los retos futuros del Procurement.<\/p>\n<\/div><\/div><\/div><div class=\"fusion-panel panel-default\"><div class=\"panel-heading\"><h4 class=\"panel-title toggle\"><a aria-expanded=\"false\" aria-controls=\"bc8041086cada9e64\" role=\"button\" data-toggle=\"collapse\" data-parent=\"#accordion-5711-1\" data-target=\"#bc8041086cada9e64\" href=\"#bc8041086cada9e64\"><span class=\"fusion-toggle-icon-wrapper\" aria-hidden=\"true\"><i class=\"fa-fusion-box\" aria-hidden=\"true\"><\/i><\/span><span class=\"fusion-toggle-heading\">16 JUN, 2021 - Webinar La transformaci\u00f3n digital en la funci\u00f3n de compras: un nuevo desaf\u00edo<\/span><\/a><\/h4><\/div><div id=\"bc8041086cada9e64\" class=\"panel-collapse collapse \"><div class=\"panel-body toggle-content fusion-clearfix\">\n<p>El webinar \u00abLa transformaci\u00f3n digital en la funci\u00f3n de compras: un nuevo desaf\u00edo\u00bb aborda los principales desaf\u00edos a los que se enfrenta las \u00e1reas de adquisiciones en las empresas, la transformaci\u00f3n hacia la sistematizaci\u00f3n de los procesos y c\u00f3mo la tecnolog\u00eda puede contribuir a su logro.<\/p>\n<p>Ponentes: Inigo Aranzabal, Managing Partner, Aranzabal &#038; Partners; Senior Advisor, BCG, QBI and CPOnet. Lu\u00eds Valadares Tavares, Full Professor Emeritus of IST; Full Professor of the University of Lus\u00edada (Lisbon). An\u00edbal Rodriguez Letelier, Abogado socio del estudio Mackenna Cruzat y Compa\u00f1\u00eda.<\/p>\n<p>Con ponentes de gran experiencia, se abordaron durante la sesi\u00f3n temas de gran inter\u00e9s y actualidad como la necesaria digitalizaci\u00f3n del proceso de compras, el impacto que tiene en la administraci\u00f3n de la cadena de suministro, la importancia de tener una buena gesti\u00f3n de proveedores, regulaci\u00f3n y beneficios concretos para los diferentes sectores, adem\u00e1s de la optimizaci\u00f3n de riesgos por medio del uso de sistemas electr\u00f3nicos.<\/p>\n<p><a href=\"https:\/\/register.gotowebinar.com\/recording\/6102461473678700299\" target=\"_blank\" rel=\"noopener\">Grabaci\u00f3n disponible ><\/a><\/p>\n<\/div><\/div><\/div><div class=\"fusion-panel panel-default\"><div class=\"panel-heading\"><h4 class=\"panel-title toggle\"><a aria-expanded=\"false\" aria-controls=\"761e466124ae25caf\" role=\"button\" data-toggle=\"collapse\" data-parent=\"#accordion-5711-1\" data-target=\"#761e466124ae25caf\" href=\"#761e466124ae25caf\"><span class=\"fusion-toggle-icon-wrapper\" aria-hidden=\"true\"><i class=\"fa-fusion-box\" aria-hidden=\"true\"><\/i><\/span><span class=\"fusion-toggle-heading\">18 FEB, 2021 - Webinar El futuro de la contrataci\u00f3n electr\u00f3nica es ahora<\/span><\/a><\/h4><\/div><div id=\"761e466124ae25caf\" class=\"panel-collapse collapse \"><div class=\"panel-body toggle-content fusion-clearfix\">\n<p>A ra\u00edz del 20\u00ba aniversario de VORTAL, nos disponemos a lanzar un ciclo de eventos dedicados al futuro del eProcurement, en un mundo cada vez m\u00e1s globalizado por la digitalizaci\u00f3n y la tecnolog\u00eda.<\/p>\n<p>Webinar \u00abEl futuro de la contrataci\u00f3n electr\u00f3nica es ahora\u00bb con la participaci\u00f3n de Cipriano J. Su\u00e1rez Daza (Presidente, CPOnet), Juan Carlos Rodriguez Manzaneque (Director de Mercado Industria y Consumo, Minsait) y Luis Alegre espert (Gov Spain &#038; LatAm BU Manager).<\/p>\n<p><a href=\"https:\/\/attendee.gotowebinar.com\/recording\/3406270943267245068\" target=\"_blank\" rel=\"noopener\">Ahora puedes ver la grabaci\u00f3n ><\/a><\/p>\n<\/div><\/div><\/div><div class=\"fusion-panel panel-default\"><div class=\"panel-heading\"><h4 class=\"panel-title toggle\"><a aria-expanded=\"false\" aria-controls=\"65115e04f87a70364\" role=\"button\" data-toggle=\"collapse\" data-parent=\"#accordion-5711-1\" data-target=\"#65115e04f87a70364\" href=\"#65115e04f87a70364\"><span class=\"fusion-toggle-icon-wrapper\" aria-hidden=\"true\"><i class=\"fa-fusion-box\" aria-hidden=\"true\"><\/i><\/span><span class=\"fusion-toggle-heading\">17 NOV, 2020 - II Congreso Nacional de Mujeres en el Sector P\u00fablico<\/span><\/a><\/h4><\/div><div id=\"65115e04f87a70364\" class=\"panel-collapse collapse \"><div class=\"panel-body toggle-content fusion-clearfix\">\n<p>El empoderamiento femenino no es s\u00f3lo una tendencia, sino una s\u00f3lida realidad. El 17 de noviembre VORTAL patrocin\u00f3 el II Congreso Nacional de Mujeres en el Sector P\u00fablico, que tuvo lugar en l\u00ednea. <strong><a href=\"http:\/\/congresomujeresenelsectorpublico.es\/webinars\/congreso-mujeres-en-el-sector-publico\/\">M\u00e1s informaci\u00f3n ><\/a><\/strong><\/p>\n<\/div><\/div><\/div><div class=\"fusion-panel panel-default\"><div class=\"panel-heading\"><h4 class=\"panel-title toggle\"><a aria-expanded=\"false\" aria-controls=\"826835efeae1b1edc\" role=\"button\" data-toggle=\"collapse\" data-parent=\"#accordion-5711-1\" data-target=\"#826835efeae1b1edc\" href=\"#826835efeae1b1edc\"><span class=\"fusion-toggle-icon-wrapper\" aria-hidden=\"true\"><i class=\"fa-fusion-box\" aria-hidden=\"true\"><\/i><\/span><span class=\"fusion-toggle-heading\">5 NOV, 2020 - Repercusiones del trabajo a distancia en las organizaciones de compra<\/span><\/a><\/h4><\/div><div id=\"826835efeae1b1edc\" class=\"panel-collapse collapse \"><div class=\"panel-body toggle-content fusion-clearfix\">\n<p>VORTAL y APCADEC (Asociaci\u00f3n Portuguesa de Compras y Gesti\u00f3n de Materiales) organizaron el seminario web \u00abImpacto del trabajo a distancia en las organizaciones de compras\u00bb para compartir experiencias sobre el contexto actual del trabajo y las compras a distancia.<\/p>\n<p>Tras la nota de bienvenida del Presidente de APCADEC, Jo\u00e3o Botelho, en la sesi\u00f3n se incluyeron los resultados de un interesante estudio reciente sobre el trabajo a distancia presentado por Carlos Elavai (BCG &#8211; Boston Consulting Group). Nelson Pinto de Magalh\u00e3es (VORTAL), Nuno Serra e Oliveira (Caixa Servi\u00e7os Partilhados), Pedro Henriques (Siemens) y Teresa Relvas (Volkswagen Digital Services) abordaron los principales cambios y desaf\u00edos. <strong><a href=\"https:\/\/register.gotowebinar.com\/recording\/6887723877205471491\">La grabaci\u00f3n est\u00e1 disponible en portugu\u00e9s ><\/a><\/strong><\/p>\n<\/div><\/div><\/div><div class=\"fusion-panel panel-default\"><div class=\"panel-heading\"><h4 class=\"panel-title toggle\"><a aria-expanded=\"false\" aria-controls=\"407c13d78a5a804da\" role=\"button\" data-toggle=\"collapse\" data-parent=\"#accordion-5711-1\" data-target=\"#407c13d78a5a804da\" href=\"#407c13d78a5a804da\"><span class=\"fusion-toggle-icon-wrapper\" aria-hidden=\"true\"><i class=\"fa-fusion-box\" aria-hidden=\"true\"><\/i><\/span><span class=\"fusion-toggle-heading\">22 OCT, 2020 - La experiencia de QSRP en la digitalizaci\u00f3n de las compras de sus restaurantes en la Uni\u00f3n Europea<\/span><\/a><\/h4><\/div><div id=\"407c13d78a5a804da\" class=\"panel-collapse collapse \"><div class=\"panel-body toggle-content fusion-clearfix\">\n<p>VORTAL patrocin\u00f3 el CPOnet. Jose Luis Ar\u00edstegui (Director General de VORTAL Espa\u00f1a) y Giuseppe Tanzarella (Jefe de Compras de la Plataforma QSR) trataron el tema sobre \u00abLa experiencia de QSRP en la digitalizaci\u00f3n de las compras de sus restaurantes en la UE\u00bb en la conferencia online. <a href=\"https:\/\/vimeo.com\/kuonicongress\/download\/470994324\/f32f087d95\"><strong>Ver m\u00e1s aqu\u00ed ><\/strong><\/a><\/p>\n<\/div><\/div><\/div><div class=\"fusion-panel panel-default\"><div class=\"panel-heading\"><h4 class=\"panel-title toggle\"><a aria-expanded=\"false\" aria-controls=\"8d1f9ff9f027e6e9c\" role=\"button\" data-toggle=\"collapse\" data-parent=\"#accordion-5711-1\" data-target=\"#8d1f9ff9f027e6e9c\" href=\"#8d1f9ff9f027e6e9c\"><span class=\"fusion-toggle-icon-wrapper\" aria-hidden=\"true\"><i class=\"fa-fusion-box\" aria-hidden=\"true\"><\/i><\/span><span class=\"fusion-toggle-heading\">1 OCT, 2020 - La digitalizaci\u00f3n de la contrataci\u00f3n p\u00fablica<\/span><\/a><\/h4><\/div><div id=\"8d1f9ff9f027e6e9c\" class=\"panel-collapse collapse \"><div class=\"panel-body toggle-content fusion-clearfix\">\n<p>El Osservatorio Agenda Digitale fue el escenario perfecto para que VORTAL y el Polit\u00e9cnico de Mil\u00e1n compartieran su seminario web sobre \u00abLa digitalizaci\u00f3n de la contrataci\u00f3n p\u00fablica\u00bb. Israel Rodr\u00edguez Gracia, Gestor de Contrataci\u00f3n Electr\u00f3nica en la Universidad de Almer\u00eda, uno de nuestros clientes, fue uno de los invitados y tuvo la oportunidad de compartir sus experiencias y testimonios.<\/p>\n<\/div><\/div><\/div><div class=\"fusion-panel panel-default\"><div class=\"panel-heading\"><h4 class=\"panel-title toggle\"><a aria-expanded=\"false\" aria-controls=\"f5e0ce897ceb1c865\" role=\"button\" data-toggle=\"collapse\" data-parent=\"#accordion-5711-1\" data-target=\"#f5e0ce897ceb1c865\" href=\"#f5e0ce897ceb1c865\"><span class=\"fusion-toggle-icon-wrapper\" aria-hidden=\"true\"><i class=\"fa-fusion-box\" aria-hidden=\"true\"><\/i><\/span><span class=\"fusion-toggle-heading\">27 OCT, 2020 - \u00bfC\u00f3mo nos permite el eSourcing mejorar los resultados del EBIT en 2020-2021?<\/span><\/a><\/h4><\/div><div id=\"f5e0ce897ceb1c865\" class=\"panel-collapse collapse \"><div class=\"panel-body toggle-content fusion-clearfix\">\n<p>En este webinar, Jos\u00e9 Lu\u00eds Ar\u00edstegui, nuestro Director General en Espa\u00f1a, muestra c\u00f3mo mejorar los resultados con los servicios de VORTAL y presenta algunos casos de \u00e9xito. <strong><a href=\"https:\/\/attendee.gotowebinar.com\/recording\/590836177896837640\">Ver m\u00e1s aqu\u00ed ><\/a><\/strong><\/p>\n<\/div><\/div><\/div><div class=\"fusion-panel panel-default\"><div class=\"panel-heading\"><h4 class=\"panel-title toggle\"><a aria-expanded=\"false\" aria-controls=\"ec233812601ec5ff5\" role=\"button\" data-toggle=\"collapse\" data-parent=\"#accordion-5711-1\" data-target=\"#ec233812601ec5ff5\" href=\"#ec233812601ec5ff5\"><span class=\"fusion-toggle-icon-wrapper\" aria-hidden=\"true\"><i class=\"fa-fusion-box\" aria-hidden=\"true\"><\/i><\/span><span class=\"fusion-toggle-heading\">16 OCT, 2020 - VORTAL Vision '19<\/span><\/a><\/h4><\/div><div id=\"ec233812601ec5ff5\" class=\"panel-collapse collapse \"><div class=\"panel-body toggle-content fusion-clearfix\">\n<p>vortalvision, la nueva plataforma de VORTAL, fue presentada ayer en el congreso internacional VORTAL Vision &#8217;19 a una audiencia de 1.000 participantes de 14 pa\u00edses.<\/p>\n<p>El \u00e9xito del evento refuerza el liderazgo de VORTAL como una compa\u00f1\u00eda tecnol\u00f3gica innovadora, l\u00edder del mercado de eProcurement, con la mirada puesta en el futuro y en las s\u00f3lidas relaciones con sus clientes.\u00a0<strong><a href=\"https:\/\/en.vortal.biz\/blog\/nextvision-vortal-more-usable-and-intuitive-platform-new-functionalities\">M\u00e1s informaci\u00f3n ><\/a><\/strong><\/p>\n<\/div><\/div><\/div><div class=\"fusion-panel panel-default\"><div class=\"panel-heading\"><h4 class=\"panel-title toggle\"><a aria-expanded=\"false\" aria-controls=\"8dcb9d979ab1ea19c\" role=\"button\" data-toggle=\"collapse\" data-parent=\"#accordion-5711-1\" data-target=\"#8dcb9d979ab1ea19c\" href=\"#8dcb9d979ab1ea19c\"><span class=\"fusion-toggle-icon-wrapper\" aria-hidden=\"true\"><i class=\"fa-fusion-box\" aria-hidden=\"true\"><\/i><\/span><span class=\"fusion-toggle-heading\">28 SEP, 2018 - VORTAL participa en la Conferencia de Contrataci\u00f3n 2018 en Berl\u00edn<\/span><\/a><\/h4><\/div><div id=\"8dcb9d979ab1ea19c\" class=\"panel-collapse collapse \"><div class=\"panel-body toggle-content fusion-clearfix\">\n<p>VORTAL participa en la Conferencia de Contrataci\u00f3n 2018, los d\u00edas 27 y 28 de septiembre en Humboldt Carr\u00e9, Berl\u00edn.<\/p>\n<p>Los participantes son reconocidos expertos y responsables de compras en materia de pol\u00edtica, derecho, administraci\u00f3n, ciencia y empresa. En este evento se discutir\u00e1 la actual ley de compras, las distintas posibilidades de optimizaci\u00f3n de los procesos durante la compra y la log\u00edstica, as\u00ed como las posibilidades que ofrece la compra electr\u00f3nica.<\/p>\n<\/div><\/div><\/div><div class=\"fusion-panel panel-default\"><div class=\"panel-heading\"><h4 class=\"panel-title toggle\"><a aria-expanded=\"false\" aria-controls=\"b3037339d2353ab92\" role=\"button\" data-toggle=\"collapse\" data-parent=\"#accordion-5711-1\" data-target=\"#b3037339d2353ab92\" href=\"#b3037339d2353ab92\"><span class=\"fusion-toggle-icon-wrapper\" aria-hidden=\"true\"><i class=\"fa-fusion-box\" aria-hidden=\"true\"><\/i><\/span><span class=\"fusion-toggle-heading\">28 NOV, 2017 - VORTAL en la Conferencia Internacional de Eslovenia<\/span><\/a><\/h4><\/div><div id=\"b3037339d2353ab92\" class=\"panel-collapse collapse \"><div class=\"panel-body toggle-content fusion-clearfix\">\n<p>VORTAL estuvo presente en la Conferencia Internacional sobre la colaboraci\u00f3n entre el sector p\u00fablico y el privado y la contrataci\u00f3n p\u00fablica de 2017, celebrada en Eslovenia.<\/p>\n<\/div><\/div><\/div><div class=\"fusion-panel panel-default\"><div class=\"panel-heading\"><h4 class=\"panel-title toggle\"><a aria-expanded=\"false\" aria-controls=\"c4d14fb82f080653b\" role=\"button\" data-toggle=\"collapse\" data-parent=\"#accordion-5711-1\" data-target=\"#c4d14fb82f080653b\" href=\"#c4d14fb82f080653b\"><span class=\"fusion-toggle-icon-wrapper\" aria-hidden=\"true\"><i class=\"fa-fusion-box\" aria-hidden=\"true\"><\/i><\/span><span class=\"fusion-toggle-heading\">8 JUN, 2017 - Conferencia Anual de las Principales Ciudades de Europa 2017 en Zagreb<\/span><\/a><\/h4><\/div><div id=\"c4d14fb82f080653b\" class=\"panel-collapse collapse \"><div class=\"panel-body toggle-content fusion-clearfix\">\n<p>VORTAL particip\u00f3 en la Conferencia Anual de las Principales Ciudades de Europa 2017 en Zagreb.<\/p>\n<\/div><\/div><\/div><div class=\"fusion-panel panel-default\"><div class=\"panel-heading\"><h4 class=\"panel-title toggle\"><a aria-expanded=\"false\" aria-controls=\"12a0c13efe6048f3e\" role=\"button\" data-toggle=\"collapse\" data-parent=\"#accordion-5711-1\" data-target=\"#12a0c13efe6048f3e\" href=\"#12a0c13efe6048f3e\"><span class=\"fusion-toggle-icon-wrapper\" aria-hidden=\"true\"><i class=\"fa-fusion-box\" aria-hidden=\"true\"><\/i><\/span><span class=\"fusion-toggle-heading\">24 MAY, 2017 - VORTAL eBusiness World 2017 en Madrid<\/span><\/a><\/h4><\/div><div id=\"12a0c13efe6048f3e\" class=\"panel-collapse collapse \"><div class=\"panel-body toggle-content fusion-clearfix\">\n<p>El evento eBusinessWorld 2017, celebrado el 24 de mayo en Madrid, estuvo repleto de conversaciones interesantes, vibrantes demostraciones y m\u00e1s de 60 ponencias sobre las soluciones m\u00e1s innovadoras en materia de compra electr\u00f3nica.<\/p>\n<p>Compradores y proveedores internacionales, socios y empleados de VORTAL se reunieron para disfrutar de una experiencia cara a cara. En el video se pueden apreciar algunos de los momentos m\u00e1s destacados del evento. <strong><a href=\"https:\/\/ebusinessworld.vortal.biz\/\">M\u00e1s informaci\u00f3n ><\/a><\/strong><\/p>\n<\/div><\/div><\/div><div class=\"fusion-panel panel-default\"><div class=\"panel-heading\"><h4 class=\"panel-title toggle\"><a aria-expanded=\"false\" aria-controls=\"61ddca417f4f772a5\" role=\"button\" data-toggle=\"collapse\" data-parent=\"#accordion-5711-1\" data-target=\"#61ddca417f4f772a5\" href=\"#61ddca417f4f772a5\"><span class=\"fusion-toggle-icon-wrapper\" aria-hidden=\"true\"><i class=\"fa-fusion-box\" aria-hidden=\"true\"><\/i><\/span><span class=\"fusion-toggle-heading\">20 MAR, 2017 - Semana de la Contrataci\u00f3n en Londres<\/span><\/a><\/h4><\/div><div id=\"61ddca417f4f772a5\" class=\"panel-collapse collapse \"><div class=\"panel-body toggle-content fusion-clearfix\">\n<p>VORTAL en la Semana de la Contrataci\u00f3n en Londres.<\/p>\n<\/div><\/div><\/div><\/div><\/div><\/div><style type=\"text\/css\">.fusion-body .fusion-builder-column-2{width:50% !important;margin-top : 0px;margin-bottom : 0px;}.fusion-builder-column-2 > .fusion-column-wrapper {padding-top : 0px !important;padding-right : 0px !important;margin-right : 16px;padding-bottom : 0px !important;padding-left : 0px !important;margin-left : 16px;}@media only screen and (max-width:1024px) {.fusion-body .fusion-builder-column-2{width:50% !important;order : 0;}.fusion-builder-column-2 > .fusion-column-wrapper {margin-right : 16px;margin-left : 16px;}}@media only screen and (max-width:640px) {.fusion-body .fusion-builder-column-2{width:100% !important;order : 0;}.fusion-builder-column-2 > .fusion-column-wrapper {margin-right : 16px;margin-left : 16px;}}<\/style><\/div><div class=\"fusion-layout-column fusion_builder_column fusion-builder-column-3 fusion_builder_column_1_4 1_4 fusion-flex-column fusion-no-small-visibility\"><div class=\"fusion-column-wrapper fusion-flex-justify-content-flex-start fusion-content-layout-column\" style=\"background-position:left top;background-repeat:no-repeat;-webkit-background-size:cover;-moz-background-size:cover;-o-background-size:cover;background-size:cover;padding: 0px 0px 0px 0px;\"><\/div><style type=\"text\/css\">.fusion-body .fusion-builder-column-3{width:25% !important;margin-top : 0px;margin-bottom : 0px;}.fusion-builder-column-3 > .fusion-column-wrapper {padding-top : 0px !important;padding-right : 0px !important;margin-right : 16px;padding-bottom : 0px !important;padding-left : 0px !important;margin-left : 16px;}@media only screen and (max-width:1024px) {.fusion-body .fusion-builder-column-3{width:25% !important;order : 0;}.fusion-builder-column-3 > .fusion-column-wrapper {margin-right : 16px;margin-left : 16px;}}@media only screen and (max-width:640px) {.fusion-body .fusion-builder-column-3{width:100% !important;order : 0;}.fusion-builder-column-3 > .fusion-column-wrapper {margin-right : 16px;margin-left : 16px;}}<\/style><\/div><\/div><style type=\"text\/css\">.fusion-fullwidth.fusion-builder-row-2 { z-index:1 !important; }.fusion-body .fusion-flex-container.fusion-builder-row-2{ padding-top : 104px;margin-top : 0px;padding-right : 16px;padding-bottom : 104px;margin-bottom : 0px;padding-left : 16px;}<\/style><\/div><\/p>\n","protected":false},"excerpt":{"rendered":"","protected":false},"author":5639,"featured_media":0,"parent":0,"menu_order":0,"comment_status":"closed","ping_status":"closed","template":"100-width.php","meta":{"footnotes":""},"yoast_head":"<!-- This site is optimized with the Yoast SEO plugin v22.3 - https:\/\/yoast.com\/wordpress\/plugins\/seo\/ -->\n<title>Events - VORTAL<\/title>\n<meta name=\"robots\" content=\"index, follow, max-snippet:-1, max-image-preview:large, max-video-preview:-1\" \/>\n<link rel=\"canonical\" href=\"https:\/\/www.vortal.biz\/es\/events\/\" \/>\n<meta property=\"og:locale\" content=\"es_ES\" \/>\n<meta property=\"og:type\" content=\"article\" \/>\n<meta property=\"og:title\" content=\"Events - VORTAL\" \/>\n<meta property=\"og:url\" content=\"https:\/\/www.vortal.biz\/es\/events\/\" \/>\n<meta property=\"og:site_name\" content=\"VORTAL\" \/>\n<meta property=\"article:modified_time\" content=\"2024-02-21T17:19:08+00:00\" \/>\n<meta name=\"twitter:card\" content=\"summary_large_image\" \/>\n<meta name=\"twitter:label1\" content=\"Tiempo de lectura\" \/>\n\t<meta name=\"twitter:data1\" content=\"12 minutos\" \/>\n<script type=\"application\/ld+json\" class=\"yoast-schema-graph\">{\"@context\":\"https:\/\/schema.org\",\"@graph\":[{\"@type\":\"WebPage\",\"@id\":\"https:\/\/www.vortal.biz\/es\/events\/\",\"url\":\"https:\/\/www.vortal.biz\/es\/events\/\",\"name\":\"Events - VORTAL\",\"isPartOf\":{\"@id\":\"https:\/\/www.vortal.biz\/pt-pt\/#website\"},\"datePublished\":\"2021-02-18T14:07:23+00:00\",\"dateModified\":\"2024-02-21T17:19:08+00:00\",\"breadcrumb\":{\"@id\":\"https:\/\/www.vortal.biz\/es\/events\/#breadcrumb\"},\"inLanguage\":\"es\",\"potentialAction\":[{\"@type\":\"ReadAction\",\"target\":[\"https:\/\/www.vortal.biz\/es\/events\/\"]}]},{\"@type\":\"BreadcrumbList\",\"@id\":\"https:\/\/www.vortal.biz\/es\/events\/#breadcrumb\",\"itemListElement\":[{\"@type\":\"ListItem\",\"position\":1,\"name\":\"Home\",\"item\":\"https:\/\/www.vortal.biz\/es\/\"},{\"@type\":\"ListItem\",\"position\":2,\"name\":\"Events\"}]},{\"@type\":\"WebSite\",\"@id\":\"https:\/\/www.vortal.biz\/pt-pt\/#website\",\"url\":\"https:\/\/www.vortal.biz\/pt-pt\/\",\"name\":\"VORTAL\",\"description\":\"Connecting Business\",\"potentialAction\":[{\"@type\":\"SearchAction\",\"target\":{\"@type\":\"EntryPoint\",\"urlTemplate\":\"https:\/\/www.vortal.biz\/pt-pt\/?s={search_term_string}\"},\"query-input\":\"required name=search_term_string\"}],\"inLanguage\":\"es\"}]}<\/script>\n<!-- \/ Yoast SEO plugin. -->","yoast_head_json":{"title":"Events - VORTAL","robots":{"index":"index","follow":"follow","max-snippet":"max-snippet:-1","max-image-preview":"max-image-preview:large","max-video-preview":"max-video-preview:-1"},"canonical":"https:\/\/www.vortal.biz\/es\/events\/","og_locale":"es_ES","og_type":"article","og_title":"Events - VORTAL","og_url":"https:\/\/www.vortal.biz\/es\/events\/","og_site_name":"VORTAL","article_modified_time":"2024-02-21T17:19:08+00:00","twitter_card":"summary_large_image","twitter_misc":{"Tiempo de lectura":"12 minutos"},"schema":{"@context":"https:\/\/schema.org","@graph":[{"@type":"WebPage","@id":"https:\/\/www.vortal.biz\/es\/events\/","url":"https:\/\/www.vortal.biz\/es\/events\/","name":"Events - VORTAL","isPartOf":{"@id":"https:\/\/www.vortal.biz\/pt-pt\/#website"},"datePublished":"2021-02-18T14:07:23+00:00","dateModified":"2024-02-21T17:19:08+00:00","breadcrumb":{"@id":"https:\/\/www.vortal.biz\/es\/events\/#breadcrumb"},"inLanguage":"es","potentialAction":[{"@type":"ReadAction","target":["https:\/\/www.vortal.biz\/es\/events\/"]}]},{"@type":"BreadcrumbList","@id":"https:\/\/www.vortal.biz\/es\/events\/#breadcrumb","itemListElement":[{"@type":"ListItem","position":1,"name":"Home","item":"https:\/\/www.vortal.biz\/es\/"},{"@type":"ListItem","position":2,"name":"Events"}]},{"@type":"WebSite","@id":"https:\/\/www.vortal.biz\/pt-pt\/#website","url":"https:\/\/www.vortal.biz\/pt-pt\/","name":"VORTAL","description":"Connecting Business","potentialAction":[{"@type":"SearchAction","target":{"@type":"EntryPoint","urlTemplate":"https:\/\/www.vortal.biz\/pt-pt\/?s={search_term_string}"},"query-input":"required name=search_term_string"}],"inLanguage":"es"}]}},"_links":{"self":[{"href":"https:\/\/www.vortal.biz\/es\/wp-json\/wp\/v2\/pages\/5711"}],"collection":[{"href":"https:\/\/www.vortal.biz\/es\/wp-json\/wp\/v2\/pages"}],"about":[{"href":"https:\/\/www.vortal.biz\/es\/wp-json\/wp\/v2\/types\/page"}],"author":[{"embeddable":true,"href":"https:\/\/www.vortal.biz\/es\/wp-json\/wp\/v2\/users\/5639"}],"replies":[{"embeddable":true,"href":"https:\/\/www.vortal.biz\/es\/wp-json\/wp\/v2\/comments?post=5711"}],"version-history":[{"count":2,"href":"https:\/\/www.vortal.biz\/es\/wp-json\/wp\/v2\/pages\/5711\/revisions"}],"predecessor-version":[{"id":9447,"href":"https:\/\/www.vortal.biz\/es\/wp-json\/wp\/v2\/pages\/5711\/revisions\/9447"}],"wp:attachment":[{"href":"https:\/\/www.vortal.biz\/es\/wp-json\/wp\/v2\/media?parent=5711"}],"curies":[{"name":"wp","href":"https:\/\/api.w.org\/{rel}","templated":true}]}}